{"id":2,"date":"2019-11-25T15:38:29","date_gmt":"2019-11-25T15:38:29","guid":{"rendered":"https:\/\/www.foyerrichelieuwelland.com\/?page_id=2"},"modified":"2025-10-31T11:37:52","modified_gmt":"2025-10-31T15:37:52","slug":"home-page","status":"publish","type":"page","link":"https:\/\/www.foyerrichelieuwelland.com\/fr\/","title":{"rendered":"Accueil"},"content":{"rendered":"\n<div class=\"wp-block-group home-about\"><div class=\"wp-block-group__inner-container is-layout-flow wp-block-group-is-layout-flow\">\n<div class=\"wp-block-animate-blocks-animate container\" data-aos=\"\">\n<h2 class=\"wp-block-heading has-text-align-center\">\u00c0 propos du <strong>Foyer Richelieu<\/strong><\/h2>\n<\/div>\n\n\n\n<div class=\"wp-block-group container\"><div class=\"wp-block-group__inner-container is-layout-flow wp-block-group-is-layout-flow\">\n<div class=\"wp-block-columns about-foyer is-layout-flex wp-container-core-columns-is-layout-4 wp-block-columns-is-layout-flex\">\n<div class=\"wp-block-column col-mid is-layout-flow wp-block-column-is-layout-flow\">\n<div class=\"wp-block-animate-blocks-animate\" data-aos=\"fade-up\">\n<div class=\"wp-block-columns is-layout-flex wp-container-core-columns-is-layout-1 wp-block-columns-is-layout-flex\">\n<div class=\"wp-block-column is-layout-flow wp-block-column-is-layout-flow\" style=\"flex-basis:24%\"><div class=\"wp-block-image\">\n<figure class=\"aligncenter size-large\"><img decoding=\"async\" src=\"https:\/\/www.foyerrichelieuwelland.com\/wp-content\/uploads\/2020\/07\/globe-americas.svg\" alt=\"\" class=\"wp-image-2158\"\/><\/figure><\/div><\/div>\n\n\n\n<div class=\"wp-block-column is-layout-flow wp-block-column-is-layout-flow\" style=\"flex-basis:75%\">\n<h6>Soins bilingues<\/h6>\n<p>Le Foyer Richelieu Welland est le seul foyer de soins de longue dur\u00e9e bilingue du sud de l&#8217;Ontario. Nous nous engageons \u00e0 faire en sorte que nos r\u00e9sidents puissent communiquer avec les autres r\u00e9sidents, les soignants et le personnel m\u00e9dical, ainsi qu&#8217;avec les b\u00e9n\u00e9voles et les visiteurs.<\/p>\n<p>Les personnes atteintes de d\u00e9mence reviennent souvent \u00e0 leur langue maternelle. Le fait d&#8217;\u00eatre dans un environnement enti\u00e8rement bilingue \u00e9vite les probl\u00e8mes de communication qui peuvent entra\u00eener des erreurs de diagnostic dans les traitements, des erreurs de m\u00e9dication et augmenter les risques \u00e9vitables pour la sant\u00e9.<\/p>\n<p>Suivez ce lien pour voir des t\u00e9moignages sur l&#8217;importance pour un r\u00e9sident de pouvoir communiquer dans sa langue maternelle.<\/p>\n\n\n\n<div class=\"wp-block-buttons is-layout-flex wp-block-buttons-is-layout-flex\">\n<div class=\"wp-block-button blue-btn\"><a class=\"wp-block-button__link wp-element-button\" href=\"http:\/\/cnfs.net\/video\/my-health-my-language-ronald-bissons-testimony-short-version\/\" target=\"_blank\" rel=\"blue-btn noopener noreferrer\">T\u00e9moignage de Ronald Bisson<\/a><\/div>\n\n\n\n<div class=\"wp-block-button blue-btn\"><a class=\"wp-block-button__link wp-element-button\" href=\"https:\/\/www.youtube.com\/watch?v=ol3NoVbvBWI\" target=\"_blank\" rel=\"blue-btn noopener noreferrer\">T\u00e9moignage de Louise Pitre<\/a><\/div>\n<\/div>\n<\/div>\n<\/div>\n<\/div>\n<\/div>\n\n\n\n<div class=\"wp-block-column col-mid is-layout-flow wp-block-column-is-layout-flow\">\n<div class=\"wp-block-animate-blocks-animate\" data-aos=\"fade-up\" data-aos-delay=\"100\">\n<div class=\"wp-block-columns is-layout-flex wp-container-core-columns-is-layout-2 wp-block-columns-is-layout-flex\">\n<div class=\"wp-block-column is-layout-flow wp-block-column-is-layout-flow\" style=\"flex-basis:24%\"><div class=\"wp-block-image\">\n<figure class=\"aligncenter size-large\"><img decoding=\"async\" src=\"https:\/\/www.foyerrichelieuwelland.com\/wp-content\/uploads\/2020\/07\/heart.svg\" alt=\"\" class=\"wp-image-2157\"\/><\/figure><\/div><\/div>\n\n\n\n<div class=\"wp-block-column is-layout-flow wp-block-column-is-layout-flow\" style=\"flex-basis:75%\">\n<h6>Les valeurs fondamentales<\/h6>\n<p>Mission<\/p>\n<ul>\n<li>Le Foyer est un \u00e9tablissement catholique \u00e0 but non lucrative qui offre des soins de qualit\u00e9 exceptionnelle afin d\u2019\u00eatre un appui au vieillissement des members de la communaut\u00e9 francophone.<\/li>\n<\/ul>\n<p>Vision<\/p>\n<ul>\n<li>Les francophones ont acc\u00e8s \u00e0 un carrefour de soins et un milieu de vie ancr\u00e9 dans leurs valeurs humaines.<\/li>\n<\/ul>\n<p>Valeurs<\/p>\n<ul>\n<li>Respect<\/li>\n<li>Solidarit\u00e9<\/li>\n<li>D\u00e9vouement<\/li>\n<li>Accueil<\/li>\n<li>Int\u00e9grit\u00e9<\/li>\n<\/ul>\n<\/div>\n<\/div>\n<\/div>\n\n\n\n<p><\/p>\n<\/div>\n\n\n\n<div class=\"wp-block-column col-mid is-layout-flow wp-block-column-is-layout-flow\">\n<div class=\"wp-block-animate-blocks-animate\" data-aos=\"fade-up\" data-aos-delay=\"200\">\n<div class=\"wp-block-columns is-layout-flex wp-container-core-columns-is-layout-3 wp-block-columns-is-layout-flex\">\n<div class=\"wp-block-column is-layout-flow wp-block-column-is-layout-flow\" style=\"flex-basis:24%\"><div class=\"wp-block-image\">\n<figure class=\"aligncenter size-large\"><img decoding=\"async\" src=\"https:\/\/www.foyerrichelieuwelland.com\/wp-content\/uploads\/2020\/07\/hands.svg\" alt=\"\" class=\"wp-image-2159\"\/><\/figure><\/div><\/div>\n\n\n\n<div class=\"wp-block-column is-layout-flow wp-block-column-is-layout-flow\" style=\"flex-basis:75%\">\n<h6>La philosophie<\/h6>\n<p>\u00ab Le Foyer Richelieu croit en la dignit\u00e9 humaine de tous ses r\u00e9sident.es dans le respect de leurs droits. Il collabore avec la communaut\u00e9 afin d\u2019assurer la prestation de soins de qualit\u00e9 dans un milieu de vie francophone, serein et communautaire. \u00bb<\/p>\n<\/div>\n<\/div>\n\n\n\n<p><\/p>\n<\/div>\n<\/div>\n<\/div>\n<\/div><\/div>\n<\/div><\/div>\n\n\n\n<div class=\"wp-block-group home-section-3 cover-background sm-no-background-img\"><div class=\"wp-block-group__inner-container is-layout-flow wp-block-group-is-layout-flow\">\n<div class=\"wp-block-animate-blocks-animate container\" data-aos=\"fade-up\">\n<div class=\"wp-block-columns is-layout-flex wp-container-core-columns-is-layout-5 wp-block-columns-is-layout-flex\">\n<div class=\"wp-block-column d-none-sm is-layout-flow wp-block-column-is-layout-flow\" style=\"flex-basis:50%\"><\/div>\n\n\n\n<div class=\"wp-block-column is-layout-flow wp-block-column-is-layout-flow\" style=\"flex-basis:50%\">\n<div class=\"wp-block-animate-blocks-animate\" data-aos=\"\">\n<h5>Historique du Foyer Richelieu<\/h5>\n<p>Le Foyer Richelieu Welland est une \u0153uvre des membres du Club Richelieu Welland.<\/p>\n<p>Le Foyer Richelieu Welland fut incorpor\u00e9 le 1er janvier 1988 et la premi\u00e8re admission eut lieu le 15 mai 1989. En juin 1996, la province d\u2019Ontario a d\u00e9clar\u00e9 le Foyer Richelieu Welland un organisme officiel de services en fran\u00e7ais. En 2013, l\u2019\u00c9v\u00eaque G\u00e9rard Bergie du Dioc\u00e8se de St. Catharines a officiellement d\u00e9sign\u00e9 le Foyer Richelieu Welland un fournisseur de service catholique.<\/p>\n<p>Depuis 1993, suite \u00e0 la r\u00e9forme du Minist\u00e8re de la Sant\u00e9 de l\u2019Ontario, notre mission initiale s\u2019est transform\u00e9e pour ainsi devenir un tout nouveau centre d\u2019h\u00e9bergement de soins de longue dur\u00e9e d\u2019une capacit\u00e9 de 128 lits.<\/p>\n\n\n\n<div class=\"wp-block-buttons is-layout-flex wp-block-buttons-is-layout-flex\">\n<div class=\"wp-block-button blue-btn\"><a class=\"wp-block-button__link wp-element-button\" href=\"\/contact\/?lang=fr\">Nous contacter<\/a><\/div>\n<\/div>\n<\/div>\n<\/div>\n<\/div>\n<\/div>\n<\/div><\/div>\n\n\n\n<div class=\"wp-block-group section-4 has-background\" style=\"background-color:#f7f7f7\"><div class=\"wp-block-group__inner-container is-layout-flow wp-block-group-is-layout-flow\">\n<div class=\"wp-block-animate-blocks-animate\" data-aos=\"\">\n<div class=\"wp-block-columns margin-bottom-0 is-layout-flex wp-container-core-columns-is-layout-6 wp-block-columns-is-layout-flex\">\n<div class=\"wp-block-column section-4-left is-layout-flow wp-block-column-is-layout-flow\" style=\"flex-basis:50%\">\n<div class=\"wp-block-animate-blocks-animate\" data-aos=\"fade-right\">\n<h4>Visitez le Foyer Richelieu<\/h4>\n<p>Une visite guid\u00e9e est possible sur rendez-vous, fix\u00e9e avec l\u2019administration.<\/p>\n<p>Cette premi\u00e8re rencontre vous permettra d\u2019apprendre \u00e0 conna\u00eetre notre entreprise et d\u2019obtenir des r\u00e9ponses \u00e0 vos questions en vue d\u2019une future administration.<\/p>\n<h4>Les chambres disponibles sont:<\/h4>\n<ul>\n<li>76 lits priv\u00e9es<\/li>\n<li>26 lits de base<\/li>\n<\/ul>\n\n\n\n<div class=\"wp-block-buttons is-layout-flex wp-block-buttons-is-layout-flex\">\n<div class=\"wp-block-button blue-btn\"><a class=\"wp-block-button__link wp-element-button\" href=\"\/contact\/?lang=fr\">R\u00c9SERVEZ UN TOUR AVEC NOUS<\/a><\/div>\n<\/div>\n<\/div>\n<\/div>\n\n\n\n<div class=\"wp-block-column sm-height-400px is-layout-flow wp-block-column-is-layout-flow\" style=\"flex-basis:50%\">\n<div class=\"wp-block-animate-blocks-animate service-4-bg cover-background\" data-aos=\"fade\" data-aos-delay=\"200\">\n<p><\/p>\n<\/div>\n<\/div>\n<\/div>\n<\/div>\n<\/div><\/div>\n\n\n\n<div class=\"wp-block-group family-section-1 cover-background sm-no-background-img\"><div class=\"wp-block-group__inner-container is-layout-flow wp-block-group-is-layout-flow\">\n<div class=\"wp-block-columns mb-0 sm-full-width is-layout-flex wp-container-core-columns-is-layout-7 wp-block-columns-is-layout-flex\">\n<div class=\"wp-block-column d-none-sm is-layout-flow wp-block-column-is-layout-flow\"><\/div>\n\n\n\n<div class=\"wp-block-column is-layout-flow wp-block-column-is-layout-flow\">\n<h5>Heures des visites<\/h5>\n<p>Les membres de la famille et les visiteurs sont toujours les bienvenus. L\u2019entr\u00e9e principale est <strong>ouverte de 6 h 00<\/strong> \u00e0 <strong>20\u00a0h\u00a000<\/strong>.<\/p>\n<p>L\u2019apr\u00e8s-midi et la soir\u00e9e sont les moments qui conviennent le mieux pour visiter un r\u00e9sident. Le personnel du Foyer peut exiger qu\u2019un visiteur s\u2019identifie lorsqu\u2019il est question de la s\u00e9curit\u00e9 des r\u00e9sidents.<\/p>\n<p>Pendant la saison de la grippe, si vous \u00eates malade, veuillez vous abstenir de venir au Foyer pour que la sant\u00e9 de nos r\u00e9sidents ne soit pas compromise.<\/p>\n<p>Lorsqu\u2019il y a une \u00e9closion, les consignes \u00e9tablies par la direction du Foyer doivent \u00eatre respect\u00e9es.<\/p>\n<h5>Stationnement<\/h5>\n<p>Il y a un grand stationnement \u00e0 c\u00f4t\u00e9 et derri\u00e8re le Foyer Richelieu Welland pour les visiteurs.<\/p>\n<p>La cour \u00e0 l&#8217;entr\u00e9e principale du Foyer est r\u00e9serv\u00e9e aux ambulances et aux camions de pompiers. Cette zone r\u00e9glement\u00e9e est surveill\u00e9e par la police r\u00e9gionale, et le Foyer Richelieu Welland n&#8217;est pas responsable des frais de remorquage ou des amendes.<\/p>\n<h5>Contr\u00f4le de temp\u00e9rature<\/h5>\n<p>La climatisation centrale du Foyer Richelieu Welland comprend tout syst\u00e8me de refroidissement m\u00e9canique capable de maintenir la temp\u00e9rature \u00e0 un niveau confortable pour les r\u00e9sidents pendant les p\u00e9riodes de chaleur.<\/p>\n<p>Le Foyer Richelieu Welland doit s&#8217;assurer que la temp\u00e9rature du foyer est maintenue \u00e0 un minimum de 22 degr\u00e9s Celsius.<\/p>\n<\/div>\n<\/div>\n<\/div><\/div>\n\n\n\n<div class=\"wp-block-group\"><div class=\"wp-block-group__inner-container is-layout-flow wp-block-group-is-layout-flow\">\n<div class=\"wp-block-columns margin-bottom-none is-layout-flex wp-container-core-columns-is-layout-8 wp-block-columns-is-layout-flex\">\n<div class=\"wp-block-column home-section-video-right is-layout-flow wp-block-column-is-layout-flow\">\n<h2 class=\"wp-block-heading has-text-align-center\">Vid\u00e9o de drone &#8211; Progression<br> Cr\u00e9ation et montage vid\u00e9o par G\u00e9rald Lachapelle <\/h2>\n\n\n\n<p><\/p>\n<\/div>\n\n\n\n<div class=\"wp-block-column home-section-video-left is-layout-flow wp-block-column-is-layout-flow\">\n<figure class=\"wp-block-video\"><video controls loop poster=\"https:\/\/www.foyerrichelieuwelland.com\/wp-content\/uploads\/2024\/06\/progression-play.png\" src=\"https:\/\/www.foyerrichelieuwelland.com\/wp-content\/uploads\/2024\/06\/progression.mp4\" playsinline><\/video><\/figure>\n<\/div>\n<\/div>\n<\/div><\/div>\n\n\n\n<div class=\"wp-block-group\"><div class=\"wp-block-group__inner-container is-layout-flow wp-block-group-is-layout-flow\">\n<div class=\"wp-block-columns is-layout-flex wp-container-core-columns-is-layout-9 wp-block-columns-is-layout-flex\">\n<div class=\"wp-block-column home-section-video-left is-layout-flow wp-block-column-is-layout-flow\"><\/div>\n<\/div>\n<\/div><\/div>\n\n\n\n<div class=\"wp-block-group home-testimonials\"><div class=\"wp-block-group__inner-container is-layout-flow wp-block-group-is-layout-flow\">\n<div class=\"wp-block-animate-blocks-animate container\" data-aos=\"\">\n<h2 class=\"wp-block-heading has-text-align-center\">Quelques t\u00e9moignages<\/h2>\n<\/div>\n\n\n\n<div class=\"wp-block-animate-blocks-animate container testimonial-bottom\" data-aos=\"\"><style id=\"kt-blocks_a1d134-6a\" type=\"text\/css\">.kt-blocks-testimonials-wrap_a1d134-6a .kt-testimonial-content {color:#6f6f6f;font-size:16px;}.kt-blocks-testimonials-wrap_a1d134-6a .kt-testimonial-name {color:#232323;font-size:12px;text-transform:uppercase;font-family:Montserrat;font-style:normal;font-weight:600;}<\/style>\n<div class=\"wp-block-kadence-testimonials kt-testimonial-halign-center kt-testimonial-style-card kt-testimonials-media-on kt-testimonials-icon-off kt-testimonial-columns-2 kt-t-xxl-col-2 kt-t-xl-col-2 kt-t-lg-col-2 kt-t-md-col-2 kt-t-sm-col-1 kt-t-xs-col-1 kt-blocks-testimonials-wrap_a1d134-6a\"><div class=\"kt-blocks-carousel kt-carousel-container-dotstyle-dark\"><div class=\"kt-blocks-carousel-init kt-carousel-arrowstyle-whiteondark kt-carousel-dotstyle-dark\" data-columns-xxl=\"2\" data-columns-xl=\"2\" data-columns-md=\"2\" data-columns-sm=\"2\" data-columns-xs=\"1\" data-columns-ss=\"1\" data-slider-anim-speed=\"400\" data-slider-scroll=\"1\" data-slider-arrows=\"true\" data-slider-dots=\"true\" data-slider-hover-pause=\"false\" data-slider-auto=\"false\" data-slider-speed=\"7000\"><div class=\"kt-blocks-testimonial-carousel-item kb-slide-item\"><div class=\"kt-testimonial-item-wrap kt-testimonial-item-0\" style=\"border-color:rgba(238, 238, 238, 1);padding-top:0px;padding-right:0px;padding-bottom:0px;padding-left:0px;max-width:340px\"><div class=\"kt-testimonial-text-wrap\"><div class=\"kt-testimonial-media-wrap\"><div class=\"kt-testimonial-media-inner-wrap\" style=\"border-color:#555555;border-radius:200px;border-width:0px 0px 0px 0px;padding:0px 0px 0px 0px\"><div class=\"kadence-testimonial-image-intrisic\" style=\"padding-bottom:100%\"><div class=\"kt-testimonial-image\" style=\"background-image:url(&quot;https:\/\/www.foyerrichelieuwelland.com\/wp-content\/uploads\/2020\/08\/photo-louise-pitre.jpg&quot;);background-size:cover;border-radius:200px\"><\/div><\/div><\/div><\/div><div class=\"kt-testimonial-content-wrap\"><div class=\"kt-testimonial-content\">Voici pourquoi, nous avons besoin de plus de lits en soins de longue dur\u00e9e, selon Louise Pitre.<\/div><\/div><\/div><div class=\"kt-testimonial-meta-wrap\"><div class=\"kt-testimonial-meta-name-wrap\"><div class=\"kt-testimonial-name-wrap\"><div class=\"kt-testimonial-name\">&#8211;\u00a0Louise Pitre<\/div><\/div><div class=\"kt-testimonial-occupation-wrap\"><div class=\"kt-testimonial-occupation\"><a href=\"https:\/\/www.youtube.com\/watch?v=ol3NoVbvBWI\" target=\"_blank\" rel=\"noreferrer noopener\">VOIR LA VID\u00c9O DU T\u00c9MOIGNAGE<\/a><\/div><\/div><\/div><\/div><\/div><\/div><div class=\"kt-blocks-testimonial-carousel-item kb-slide-item\"><div class=\"kt-testimonial-item-wrap kt-testimonial-item-1\" style=\"border-color:rgba(238, 238, 238, 1);padding-top:0px;padding-right:0px;padding-bottom:0px;padding-left:0px;max-width:340px\"><div class=\"kt-testimonial-text-wrap\"><div class=\"kt-testimonial-media-wrap\"><div class=\"kt-testimonial-media-inner-wrap\" style=\"border-color:#555555;border-radius:200px;border-width:0px 0px 0px 0px;padding:0px 0px 0px 0px\"><div class=\"kadence-testimonial-image-intrisic\" style=\"padding-bottom:100%\"><div class=\"kt-testimonial-image\" style=\"background-image:url(&quot;https:\/\/www.foyerrichelieuwelland.com\/wp-content\/uploads\/2020\/08\/photo-doug-rapelje.jpg&quot;);background-size:cover;border-radius:200px\"><\/div><\/div><\/div><\/div><div class=\"kt-testimonial-content-wrap\"><div class=\"kt-testimonial-content\">Comment nous pouvons aider les familles \u00e0 trouver un lit dans un \u00e9tablissement de soins de longue dur\u00e9e.<\/div><\/div><\/div><div class=\"kt-testimonial-meta-wrap\"><div class=\"kt-testimonial-meta-name-wrap\"><div class=\"kt-testimonial-name-wrap\"><div class=\"kt-testimonial-name\">&#8211;\u00a0Doug Rapelje<\/div><\/div><div class=\"kt-testimonial-occupation-wrap\"><div class=\"kt-testimonial-occupation\"><a href=\"https:\/\/www.youtube.com\/watch?v=ol3NoVbvBWI\" target=\"_blank\" rel=\"noreferrer noopener\">VOIR LA VID\u00c9O DU T\u00c9MOIGNAGE<\/a><\/div><\/div><\/div><\/div><\/div><\/div><\/div><\/div><\/div>\n<\/div>\n<\/div><\/div>\n\n\n\n<div class=\"wp-block-group data-state hide-block has-background\" style=\"background-color:#f7f7f7\"><div class=\"wp-block-group__inner-container is-layout-flow wp-block-group-is-layout-flow\">\n<div class=\"wp-block-animate-blocks-animate container\" data-aos=\"\">\n<div class=\"wp-block-columns is-layout-flex wp-container-core-columns-is-layout-10 wp-block-columns-is-layout-flex\">\n<div class=\"wp-block-column feature-content is-layout-flow wp-block-column-is-layout-flow\">\n<div class=\"wp-block-animate-blocks-animate\" data-aos=\"fade-up\">\n<i class=\"icon-happy\"><\/i>\n<div class=\"feature-content\">\n<h6 class=\"timer percentagedata\" data-to=\"98\" data-speed=\"2000\">98<\/h6>\n<span>DE NOTRE R\u00c9SIDENT SONT TR\u00c8S SATISFAITS<\/span>\n<\/div>\n<\/div>\n<\/div>\n\n\n\n<div class=\"wp-block-column feature-content is-layout-flow wp-block-column-is-layout-flow\">\n<div class=\"wp-block-animate-blocks-animate\" data-aos=\"fade-up\" data-aos-delay=\"200\">\n<i class=\"icon-profile-male\"><\/i>\n<div class=\"feature-content\">\n<h6 class=\"timer\" data-to=\"500\" data-speed=\"2000\">500<\/h6>\n<span>R\u00c9SIDENTS QUE NOUS AVONS AVOIR\u00c9S DEPUIS NOS D\u00c9BUTS<\/span>\n<\/div>\n<\/div>\n<\/div>\n\n\n\n<div class=\"wp-block-column feature-content is-layout-flow wp-block-column-is-layout-flow\">\n<div class=\"wp-block-animate-blocks-animate\" data-aos=\"fade-up\" data-aos-delay=\"400\">\n<i class=\"icon-document\"><\/i>\n<div class=\"feature-content\">\n<h6 class=\"timer percentagedata\" data-to=\"92\" data-speed=\"2000\">92<\/h6>\n<span>COMME LES SERVICES QUE NOUS OFFRONS<\/span>\n<\/div>\n<\/div>\n<\/div>\n<\/div>\n<\/div>\n<\/div><\/div>\n\n\n\n<div id=\"about-us\" class=\"wp-block-group parallax why-choose\"><div class=\"wp-block-group__inner-container is-layout-flow wp-block-group-is-layout-flow\">\n<h5 class=\"wp-block-heading\"><br>Pourquoi choisir le Foyer Richelieu<\/h5>\n\n\n\n<p>Au nom du conseil d&#8217;administration, de l&#8217;\u00e9quipe de direction et de tout le personnel, nous vous souhaitons la bienvenue au Foyer Richelieu Welland. Nous sommes heureux de vous accueillir dans une ambiance chaleureuse et calme, fran\u00e7aise et catholique. Bon s\u00e9jour au Foyer Richelieu!<\/p>\n\n\n\n<div class=\"wp-block-button button-style-1\"><a class=\"wp-block-button__link wp-element-button\" href=\"\/who-we-are\/\/?lang=fr\" style=\"border-radius:30px\" rel=\"#\">apprendre encore plus<\/a><\/div>\n<\/div><\/div>\n\n\n\n<div class=\"wp-block-group no-margin\"><div class=\"wp-block-group__inner-container is-layout-flow wp-block-group-is-layout-flow\">\n<div class=\"wp-block-columns full-width is-layout-flex wp-container-core-columns-is-layout-11 wp-block-columns-is-layout-flex\">\n<div class=\"wp-block-column is-layout-flow wp-block-column-is-layout-flow\">\n<div class=\"wp-block-animate-blocks-animate height-100\" data-aos=\"slide-right\" data-aos-delay=\"100\" data-aos-duration=\"1000\">\n<iframe loading=\"lazy\" width=\"100%\" height=\"100%\" src=\"https:\/\/www.google.com\/maps\/embed?pb=!1m18!1m12!1m3!1d2918.3826206746!2d-79.22551832349627!3d42.99127719498956!2m3!1f0!2f0!3f0!3m2!1i1024!2i768!4f13.1!3m3!1m2!1s0x89d3483e40708d63%3A0xacbd4ec0d1054e84!2s51%20prom%20Richelieu%2C%20Welland%2C%20ON!5e0!3m2!1sfr!2sca!4v1761925026170!5m2!1sfr!2sca\" frameborder=\"0\" allowfullscreen=\"\" style=\"border:0;\"><\/iframe>\n<\/div>\n<\/div>\n\n\n\n<div class=\"wp-block-column contact-form is-layout-flow wp-block-column-is-layout-flow\">\n<h5>NOUS CONTACTER<\/h5>\n\n\n\n<div role=\"form\" class=\"wpcf7\" id=\"wpcf7-f1657-o1\" lang=\"fr-FR\" dir=\"ltr\">\n<div class=\"screen-reader-response\"><\/div>\n<form action=\"\/fr\/wp-json\/wp\/v2\/pages\/2#wpcf7-f1657-o1\" method=\"post\" class=\"wpcf7-form\" novalidate=\"novalidate\">\n<div style=\"display: none;\">\n<input type=\"hidden\" name=\"_wpcf7\" value=\"1657\" \/>\n<input type=\"hidden\" name=\"_wpcf7_version\" value=\"5.1.7\" \/>\n<input type=\"hidden\" name=\"_wpcf7_locale\" value=\"fr_FR\" \/>\n<input type=\"hidden\" name=\"_wpcf7_unit_tag\" value=\"wpcf7-f1657-o1\" \/>\n<input type=\"hidden\" name=\"_wpcf7_container_post\" value=\"0\" \/>\n<\/div>\n<div class=\"row\">\n<div class=\"col-md-12\"><span class=\"wpcf7-form-control-wrap your-name\"><input type=\"text\" name=\"your-name\" value=\"\" size=\"40\" class=\"wpcf7-form-control wpcf7-text wpcf7-validates-as-required\" aria-required=\"true\" aria-invalid=\"false\" placeholder=\"Nom*\" \/><\/span><\/div>\n<div class=\"col-md-12\"><span class=\"wpcf7-form-control-wrap tel-number\"><input type=\"tel\" name=\"tel-number\" value=\"\" size=\"40\" class=\"wpcf7-form-control wpcf7-text wpcf7-tel wpcf7-validates-as-required wpcf7-validates-as-tel\" aria-required=\"true\" aria-invalid=\"false\" placeholder=\"T\u00e9l\u00e9phone*\" \/><\/span><\/div>\n<div class=\"col-md-12\"><span class=\"wpcf7-form-control-wrap your-email\"><input type=\"email\" name=\"your-email\" value=\"\" size=\"40\" class=\"wpcf7-form-control wpcf7-text wpcf7-email wpcf7-validates-as-required wpcf7-validates-as-email\" aria-required=\"true\" aria-invalid=\"false\" placeholder=\"Courriel*\" \/><\/span><\/div>\n<div class=\"col-md-12\"><span class=\"wpcf7-form-control-wrap your-message\"><textarea name=\"your-message\" cols=\"40\" rows=\"10\" class=\"wpcf7-form-control wpcf7-textarea\" aria-invalid=\"false\" placeholder=\"Message\"><\/textarea><\/span><\/div>\n<\/div>\n<p><input type=\"submit\" value=\"Soumettre\" class=\"wpcf7-form-control wpcf7-submit\" \/><\/p>\n<div class=\"wpcf7-response-output wpcf7-display-none\"><\/div><\/form><\/div>\n<\/div>\n<\/div>\n<\/div><\/div>\n","protected":false},"excerpt":{"rendered":"<p>Heures des visites Les membres de la famille et les visiteurs sont toujours les bienvenus. L\u2019entr\u00e9e principale est ouverte de 6 h 00 \u00e0 20\u00a0h\u00a000. L\u2019apr\u00e8s-midi et la soir\u00e9e sont les moments qui conviennent le mieux pour visiter un r\u00e9sident. Le personnel du Foyer peut exiger qu\u2019un visiteur s\u2019identifie lorsqu\u2019il est question de la s\u00e9curit\u00e9 [&hellip;]<\/p>\n","protected":false},"author":1,"featured_media":0,"parent":0,"menu_order":0,"comment_status":"closed","ping_status":"closed","template":"","meta":{"kt_blocks_editor_width":"","footnotes":""},"class_list":["post-2","page","type-page","status-publish","hentry"],"yoast_head":"<!-- This site is optimized with the Yoast SEO plugin v14.0.2 - https:\/\/yoast.com\/wordpress\/plugins\/seo\/ -->\n<title>Foyer Richelieu Welland<\/title>\n<meta name=\"robots\" content=\"index, follow\" \/>\n<meta name=\"googlebot\" content=\"index, follow, max-snippet:-1, max-image-preview:large, max-video-preview:-1\" \/>\n<meta name=\"bingbot\" content=\"index, follow, max-snippet:-1, max-image-preview:large, max-video-preview:-1\" \/>\n<link rel=\"canonical\" href=\"https:\/\/www.foyerrichelieuwelland.com\/fr\/\" \/>\n<meta property=\"og:locale\" content=\"fr_FR\" \/>\n<meta property=\"og:type\" content=\"article\" \/>\n<meta property=\"og:title\" content=\"Foyer Richelieu Welland\" \/>\n<meta property=\"og:description\" content=\"Heures des visites Les membres de la famille et les visiteurs sont toujours les bienvenus. L\u2019entr\u00e9e principale est ouverte de 6 h 00 \u00e0 20\u00a0h\u00a000. L\u2019apr\u00e8s-midi et la soir\u00e9e sont les moments qui conviennent le mieux pour visiter un r\u00e9sident. Le personnel du Foyer peut exiger qu\u2019un visiteur s\u2019identifie lorsqu\u2019il est question de la s\u00e9curit\u00e9 [&hellip;]\" \/>\n<meta property=\"og:url\" content=\"https:\/\/www.foyerrichelieuwelland.com\/fr\/\" \/>\n<meta property=\"og:site_name\" content=\"Foyer Richelieu\" \/>\n<meta property=\"article:modified_time\" content=\"2025-10-31T15:37:52+00:00\" \/>\n<meta property=\"og:image\" content=\"https:\/\/www.foyerrichelieuwelland.com\/wp-content\/uploads\/2020\/07\/globe-americas.svg\" \/>\n<meta name=\"twitter:card\" content=\"summary_large_image\" \/>\n<script type=\"application\/ld+json\" class=\"yoast-schema-graph\">{\"@context\":\"https:\/\/schema.org\",\"@graph\":[{\"@type\":\"WebSite\",\"@id\":\"https:\/\/www.foyerrichelieuwelland.com\/fr\/#website\",\"url\":\"https:\/\/www.foyerrichelieuwelland.com\/fr\/\",\"name\":\"Foyer Richelieu\",\"description\":\"\",\"potentialAction\":[{\"@type\":\"SearchAction\",\"target\":\"https:\/\/www.foyerrichelieuwelland.com\/fr\/?s={search_term_string}\",\"query-input\":\"required name=search_term_string\"}],\"inLanguage\":\"fr-FR\"},{\"@type\":\"ImageObject\",\"@id\":\"https:\/\/www.foyerrichelieuwelland.com\/fr\/#primaryimage\",\"inLanguage\":\"fr-FR\",\"url\":\"https:\/\/www.foyerrichelieuwelland.com\/wp-content\/uploads\/2020\/07\/globe-americas.svg\"},{\"@type\":\"WebPage\",\"@id\":\"https:\/\/www.foyerrichelieuwelland.com\/fr\/#webpage\",\"url\":\"https:\/\/www.foyerrichelieuwelland.com\/fr\/\",\"name\":\"Foyer Richelieu Welland\",\"isPartOf\":{\"@id\":\"https:\/\/www.foyerrichelieuwelland.com\/fr\/#website\"},\"primaryImageOfPage\":{\"@id\":\"https:\/\/www.foyerrichelieuwelland.com\/fr\/#primaryimage\"},\"datePublished\":\"2019-11-25T15:38:29+00:00\",\"dateModified\":\"2025-10-31T15:37:52+00:00\",\"inLanguage\":\"fr-FR\",\"potentialAction\":[{\"@type\":\"ReadAction\",\"target\":[\"https:\/\/www.foyerrichelieuwelland.com\/fr\/\"]}]}]}<\/script>\n<!-- \/ Yoast SEO plugin. -->","_links":{"self":[{"href":"https:\/\/www.foyerrichelieuwelland.com\/fr\/wp-json\/wp\/v2\/pages\/2"}],"collection":[{"href":"https:\/\/www.foyerrichelieuwelland.com\/fr\/wp-json\/wp\/v2\/pages"}],"about":[{"href":"https:\/\/www.foyerrichelieuwelland.com\/fr\/wp-json\/wp\/v2\/types\/page"}],"author":[{"embeddable":true,"href":"https:\/\/www.foyerrichelieuwelland.com\/fr\/wp-json\/wp\/v2\/users\/1"}],"replies":[{"embeddable":true,"href":"https:\/\/www.foyerrichelieuwelland.com\/fr\/wp-json\/wp\/v2\/comments?post=2"}],"version-history":[{"count":229,"href":"https:\/\/www.foyerrichelieuwelland.com\/fr\/wp-json\/wp\/v2\/pages\/2\/revisions"}],"predecessor-version":[{"id":5164,"href":"https:\/\/www.foyerrichelieuwelland.com\/fr\/wp-json\/wp\/v2\/pages\/2\/revisions\/5164"}],"wp:attachment":[{"href":"https:\/\/www.foyerrichelieuwelland.com\/fr\/wp-json\/wp\/v2\/media?parent=2"}],"curies":[{"name":"wp","href":"https:\/\/api.w.org\/{rel}","templated":true}]}}